{"id":1191,"date":"2024-06-19T13:24:20","date_gmt":"2024-06-19T11:24:20","guid":{"rendered":"https:\/\/sabanaplaza.com.co\/?page_id=1191"},"modified":"2026-02-25T16:18:22","modified_gmt":"2026-02-25T15:18:22","slug":"blog-sabanista","status":"publish","type":"page","link":"https:\/\/sabanaplaza.com.co\/index.php\/blog-sabanista\/","title":{"rendered":"Blog Sabanista"},"content":{"rendered":"<div class=\"et_pb_section_0 et_pb_section et_section_regular et_block_section\"><div class=\"et_pb_row_0 et_pb_row et_block_row\"><div class=\"et_pb_column_0 et_pb_column et_pb_column_4_4 et-last-child et_block_column et_pb_css_mix_blend_mode_passthrough\"><div class=\"et_pb_text_0 et_pb_text et_pb_bg_layout_light et_pb_module et_block_module preset--module--divi-text--e598b17a-9229-42f6-b238-019d6094332e\"><div class=\"et_pb_text_inner\"><h1>Blog Sabanista<\/h1>\n<\/div><\/div><\/div><\/div><div class=\"et_pb_row_1 et_pb_row et_block_row\"><div class=\"et_pb_column_1 et_pb_column et_pb_column_4_4 et-last-child et_block_column et_pb_css_mix_blend_mode_passthrough\"><div class=\"et_pb_image_0 et_pb_image et_pb_module et_block_module\"><span class=\"et_pb_image_wrap\"><img decoding=\"async\" src=\"https:\/\/sabanaplaza.com.co\/wp-content\/uploads\/2024\/01\/nursing-home_50.png\" width=\"2560\" height=\"737\" srcset=\"https:\/\/sabanaplaza.com.co\/wp-content\/uploads\/2024\/01\/nursing-home_50.png 2560w, https:\/\/sabanaplaza.com.co\/wp-content\/uploads\/2024\/01\/nursing-home_50-1280x369.png 1280w, https:\/\/sabanaplaza.com.co\/wp-content\/uploads\/2024\/01\/nursing-home_50-980x282.png 980w, https:\/\/sabanaplaza.com.co\/wp-content\/uploads\/2024\/01\/nursing-home_50-480x138.png 480w\" sizes=\"(min-width: 0px) and (max-width: 480px) 480px, (min-width: 481px) and (max-width: 980px) 980px, (min-width: 981px) and (max-width: 1280px) 1280px, (min-width: 1281px) 2560px, 100vw\" class=\"wp-image-259\" title=\"nursing-home_50\" \/><\/span><\/div><\/div><\/div><\/div><div class=\"et_pb_section_1 et_pb_section et_section_regular et_block_section\"><div class=\"et_pb_row_2 et_pb_row et_block_row\"><div class=\"et_pb_column_2 et_pb_column et_pb_column_4_4 et-last-child et_block_column et_pb_css_mix_blend_mode_passthrough\"><div class=\"et_pb_post_slider_0 et_pb_post_slider et_pb_bg_layout_dark et_pb_slider et_pb_slider_fullwidth_off et_pb_post_slider_image_background et_pb_module et_block_module preset--module--divi-post-slider--861129b4-b49c-4085-a6b0-5791891b885f\"><div class=\"et_pb_slides\"><div class=\"et_pb_slide et_pb_post_slide-1175\" style=\"background-image:\"><div class=\"et_pb_container clearfix\"><div class=\"et_pb_slider_container_inner\"><div class=\"et_pb_slide_description\"><h2 class=\"et_pb_slide_title\"><a href=\"https:\/\/sabanaplaza.com.co\/index.php\/2024\/06\/04\/el-camino-resiliente-para-los-emprendedores-colombianos\/\">El camino resiliente para los emprendedores colombianos.<\/a><\/h2><div class=\"et_pb_slide_content\"><div class=\"et_pb_slide_content_body\"><p>\u201cEl comercio colombiano es una industria solidaria y resiliente, en donde existe un gran mercado digital y f\u00edsico para cada empresario o emprendedor.\u201d En el Centro Comercial Sabana Plaza nace el proyecto Emprende Sabanista, como una luz brillante para los&#8230;<\/p>\n<\/div><\/div><div class=\"et_pb_button_wrapper\"><a class=\"et_pb_button et_pb_more_button\" href=\"https:\/\/sabanaplaza.com.co\/index.php\/2024\/06\/04\/el-camino-resiliente-para-los-emprendedores-colombianos\/\">Leer m\u00e1s<\/a><\/div><\/div><\/div><\/div><\/div><div class=\"et_pb_slide et_pb_slide_with_no_image et_pb_post_slide-2317\" style=\"background-image:\"><div class=\"et_pb_container clearfix\"><div class=\"et_pb_slider_container_inner\"><div class=\"et_pb_slide_description\"><h2 class=\"et_pb_slide_title\"><a href=\"https:\/\/sabanaplaza.com.co\/index.php\/2026\/04\/20\/sabana-plaza-al-mundial-2026\/\">Sabana Plaza al Mundial 2026<\/a><\/h2><div class=\"et_pb_slide_content\"><div class=\"et_pb_slide_content_body\"><p>\u26bd 5 Datos Curiosos que todo Hincha debe Saber \u00a1La fiebre mundialista ya se siente en el centro de Bogot\u00e1! En nuestro centro comercial no solo nos apasiona la moda, el calzado o el comercio, tambi\u00e9n vivimos la emoci\u00f3n del f\u00fatbol. Mientras te preparas para ver a los&#8230;<\/p>\n<\/div><\/div><div class=\"et_pb_button_wrapper\"><a class=\"et_pb_button et_pb_more_button\" href=\"https:\/\/sabanaplaza.com.co\/index.php\/2026\/04\/20\/sabana-plaza-al-mundial-2026\/\">Leer m\u00e1s<\/a><\/div><\/div><\/div><\/div><\/div><div class=\"et_pb_slide et_pb_post_slide-2085\" style=\"background-image:\"><div class=\"et_pb_container clearfix\"><div class=\"et_pb_slider_container_inner\"><div class=\"et_pb_slide_description\"><h2 class=\"et_pb_slide_title\"><a href=\"https:\/\/sabanaplaza.com.co\/index.php\/2025\/10\/06\/tendencias-de-moda-para-cerrar-el-2025\/\">Tendencias de Moda para cerrar el 2025<\/a><\/h2><div class=\"et_pb_slide_content\"><div class=\"et_pb_slide_content_body\"><p>Las tendencias de moda no solo se encuentran en las grandes pasarelas internacionales; tambi\u00e9n se viven en los espacios que visitamos a diario. Nuestro centro comercial Sabana Plaza, se ha consolidado en la zona marcando tendencias que combinan elegancia, comodidad y&#8230;<\/p>\n<\/div><\/div><div class=\"et_pb_button_wrapper\"><a class=\"et_pb_button et_pb_more_button\" href=\"https:\/\/sabanaplaza.com.co\/index.php\/2025\/10\/06\/tendencias-de-moda-para-cerrar-el-2025\/\">Leer m\u00e1s<\/a><\/div><\/div><\/div><\/div><\/div><div class=\"et_pb_slide et_pb_post_slide-1962\" style=\"background-image:\"><div class=\"et_pb_container clearfix\"><div class=\"et_pb_slider_container_inner\"><div class=\"et_pb_slide_description\"><h2 class=\"et_pb_slide_title\"><a href=\"https:\/\/sabanaplaza.com.co\/index.php\/2025\/05\/30\/la-prima-llego-y-sabana-plaza-te-espera-para-hacerla-rendir-al-maximo\/\">\u00a1La prima lleg\u00f3 y Sabana Plaza te espera para hacerla rendir al m\u00e1ximo!<\/a><\/h2><div class=\"et_pb_slide_content\"><div class=\"et_pb_slide_content_body\"><p>Tenemos prendas que se adaptan a cada estilo y a las tendencias del mercado. En Sabana Plaza sabemos que la Prima es la excusa perfecta para estrenar y consentir a la familia. Aqu\u00ed encuentras la mejor combinaci\u00f3n entre variedad, calidad y precios bajos incomparables&#8230;.<\/p>\n<\/div><\/div><div class=\"et_pb_button_wrapper\"><a class=\"et_pb_button et_pb_more_button\" href=\"https:\/\/sabanaplaza.com.co\/index.php\/2025\/05\/30\/la-prima-llego-y-sabana-plaza-te-espera-para-hacerla-rendir-al-maximo\/\">Leer m\u00e1s<\/a><\/div><\/div><\/div><\/div><\/div><\/div><\/div><div class=\"et_pb_blog_0 et_pb_blog et_pb_bg_layout_light et_pb_posts et_pb_module preset--module--divi-blog--deac16d5-addf-4c3f-8775-1288f049c279\"><div class=\"et_pb_ajax_pagination_container\"><div class=\"et_pb_posts et_grid_module\"><article class=\"et_pb_post et_pb_post_id_1175 clearfix et_pb_blog_item_0_0 post-1175 post type-post status-publish format-standard has-post-thumbnail sticky hentry category-blog\"><div class=\"et_pb_image_container\"><a href=\"https:\/\/sabanaplaza.com.co\/index.php\/2024\/06\/04\/el-camino-resiliente-para-los-emprendedores-colombianos\/\" class=\"entry-featured-image-url\"><img decoding=\"async\" src=\"https:\/\/sabanaplaza.com.co\/wp-content\/uploads\/2024\/06\/Portada-Banner-Proyecto-Emprende-Sabanista.jpg\" width=\"400\" height=\"284\" alt=\"El camino resiliente para los emprendedores colombianos.\" class=\"\" srcset=\"https:\/\/sabanaplaza.com.co\/wp-content\/uploads\/2024\/06\/Portada-Banner-Proyecto-Emprende-Sabanista.jpg 479w, https:\/\/sabanaplaza.com.co\/wp-content\/uploads\/2024\/06\/Portada-Banner-Proyecto-Emprende-Sabanista-400x284.jpg 480w\" sizes=\"(max-width:479px) 479px, 100vw\" \/><span data-icon=\"\ue050\" class=\"et_overlay et_pb_inline_icon\"><\/span><\/a><\/div><h2 class=\"entry-title\"><a href=\"https:\/\/sabanaplaza.com.co\/index.php\/2024\/06\/04\/el-camino-resiliente-para-los-emprendedores-colombianos\/\">El camino resiliente para los emprendedores colombianos.<\/a><\/h2><p class=\"post-meta\">by <span class=\"author vcard\"><a href=\"https:\/\/sabanaplaza.com.co\/index.php\/author\/gerencia\/\" title=\"Posts by Mercadeo y Comunicaciones\" rel=\"author\">Mercadeo y Comunicaciones<\/a><\/span> | <span class=\"published\">Jun 4, 2024<\/span> | <span class=\"entry-categories\"><a href=\"https:\/\/sabanaplaza.com.co\/index.php\/category\/blog\/\" rel=\"tag\">Blog<\/a><\/span><\/p><div class=\"post-content\"><div class=\"post-content-inner\"><p>\u201cEl comercio colombiano es una industria solidaria y resiliente, en donde existe un gran mercado digital y f\u00edsico para cada empresario o emprendedor.\u201d En el Centro Comercial Sabana Plaza nace el proyecto Emprende Sabanista, como una luz brillante para los&#8230;<\/p>\n<\/div><\/div><\/article><article class=\"et_pb_post et_pb_post_id_2317 clearfix et_pb_no_thumb et_pb_blog_item_0_1 post-2317 post type-post status-publish format-standard hentry category-blog\"><h2 class=\"entry-title\"><a href=\"https:\/\/sabanaplaza.com.co\/index.php\/2026\/04\/20\/sabana-plaza-al-mundial-2026\/\">Sabana Plaza al Mundial 2026<\/a><\/h2><p class=\"post-meta\">by <span class=\"author vcard\"><a href=\"https:\/\/sabanaplaza.com.co\/index.php\/author\/gerencia\/\" title=\"Posts by Mercadeo y Comunicaciones\" rel=\"author\">Mercadeo y Comunicaciones<\/a><\/span> | <span class=\"published\">Apr 20, 2026<\/span> | <span class=\"entry-categories\"><a href=\"https:\/\/sabanaplaza.com.co\/index.php\/category\/blog\/\" rel=\"tag\">Blog<\/a><\/span><\/p><div class=\"post-content\"><div class=\"post-content-inner\"><p>\u26bd 5 Datos Curiosos que todo Hincha debe Saber \u00a1La fiebre mundialista ya se siente en el centro de Bogot\u00e1! En nuestro centro comercial no solo nos apasiona la moda, el calzado o el comercio, tambi\u00e9n vivimos la emoci\u00f3n del f\u00fatbol. Mientras te preparas para ver a los&#8230;<\/p>\n<\/div><\/div><\/article><article class=\"et_pb_post et_pb_post_id_2085 clearfix et_pb_blog_item_0_2 post-2085 post type-post status-publish format-standard has-post-thumbnail hentry category-blog\"><div class=\"et_pb_image_container\"><a href=\"https:\/\/sabanaplaza.com.co\/index.php\/2025\/10\/06\/tendencias-de-moda-para-cerrar-el-2025\/\" class=\"entry-featured-image-url\"><img decoding=\"async\" src=\"https:\/\/sabanaplaza.com.co\/wp-content\/uploads\/2025\/10\/portada-articulo-sabana-tendencias-moda-2025.png\" width=\"400\" height=\"284\" alt=\"Tendencias de Moda para cerrar el 2025\" class=\"\" srcset=\"https:\/\/sabanaplaza.com.co\/wp-content\/uploads\/2025\/10\/portada-articulo-sabana-tendencias-moda-2025.png 479w, https:\/\/sabanaplaza.com.co\/wp-content\/uploads\/2025\/10\/portada-articulo-sabana-tendencias-moda-2025-400x284.png 480w\" sizes=\"(max-width:479px) 479px, 100vw\" \/><span data-icon=\"\ue050\" class=\"et_overlay et_pb_inline_icon\"><\/span><\/a><\/div><h2 class=\"entry-title\"><a href=\"https:\/\/sabanaplaza.com.co\/index.php\/2025\/10\/06\/tendencias-de-moda-para-cerrar-el-2025\/\">Tendencias de Moda para cerrar el 2025<\/a><\/h2><p class=\"post-meta\">by <span class=\"author vcard\"><a href=\"https:\/\/sabanaplaza.com.co\/index.php\/author\/gerencia\/\" title=\"Posts by Mercadeo y Comunicaciones\" rel=\"author\">Mercadeo y Comunicaciones<\/a><\/span> | <span class=\"published\">Oct 6, 2025<\/span> | <span class=\"entry-categories\"><a href=\"https:\/\/sabanaplaza.com.co\/index.php\/category\/blog\/\" rel=\"tag\">Blog<\/a><\/span><\/p><div class=\"post-content\"><div class=\"post-content-inner\"><p>Las tendencias de moda no solo se encuentran en las grandes pasarelas internacionales; tambi\u00e9n se viven en los espacios que visitamos a diario. Nuestro centro comercial Sabana Plaza, se ha consolidado en la zona marcando tendencias que combinan elegancia, comodidad y&#8230;<\/p>\n<\/div><\/div><\/article><article class=\"et_pb_post et_pb_post_id_1962 clearfix et_pb_blog_item_0_3 post-1962 post type-post status-publish format-standard has-post-thumbnail hentry category-blog\"><div class=\"et_pb_image_container\"><a href=\"https:\/\/sabanaplaza.com.co\/index.php\/2025\/05\/30\/la-prima-llego-y-sabana-plaza-te-espera-para-hacerla-rendir-al-maximo\/\" class=\"entry-featured-image-url\"><img decoding=\"async\" src=\"https:\/\/sabanaplaza.com.co\/wp-content\/uploads\/2025\/05\/wow-amazing-astonished-surprised-redhead-girl-checkingout-holiday-special-promo-woman-stare-scaled.jpg\" width=\"400\" height=\"284\" alt=\"\u00a1La prima lleg\u00f3 y Sabana Plaza te espera para hacerla rendir al m\u00e1ximo!\" class=\"\" srcset=\"https:\/\/sabanaplaza.com.co\/wp-content\/uploads\/2025\/05\/wow-amazing-astonished-surprised-redhead-girl-checkingout-holiday-special-promo-woman-stare-scaled.jpg 479w, https:\/\/sabanaplaza.com.co\/wp-content\/uploads\/2025\/05\/wow-amazing-astonished-surprised-redhead-girl-checkingout-holiday-special-promo-woman-stare-400x284.jpg 480w\" sizes=\"(max-width:479px) 479px, 100vw\" \/><span data-icon=\"\ue050\" class=\"et_overlay et_pb_inline_icon\"><\/span><\/a><\/div><h2 class=\"entry-title\"><a href=\"https:\/\/sabanaplaza.com.co\/index.php\/2025\/05\/30\/la-prima-llego-y-sabana-plaza-te-espera-para-hacerla-rendir-al-maximo\/\">\u00a1La prima lleg\u00f3 y Sabana Plaza te espera para hacerla rendir al m\u00e1ximo!<\/a><\/h2><p class=\"post-meta\">by <span class=\"author vcard\"><a href=\"https:\/\/sabanaplaza.com.co\/index.php\/author\/gerencia\/\" title=\"Posts by Mercadeo y Comunicaciones\" rel=\"author\">Mercadeo y Comunicaciones<\/a><\/span> | <span class=\"published\">May 30, 2025<\/span> | <span class=\"entry-categories\"><a href=\"https:\/\/sabanaplaza.com.co\/index.php\/category\/blog\/\" rel=\"tag\">Blog<\/a><\/span><\/p><div class=\"post-content\"><div class=\"post-content-inner\"><p>Tenemos prendas que se adaptan a cada estilo y a las tendencias del mercado. En Sabana Plaza sabemos que la Prima es la excusa perfecta para estrenar y consentir a la familia. Aqu\u00ed encuentras la mejor combinaci\u00f3n entre variedad, calidad y precios bajos incomparables&#8230;.<\/p>\n<\/div><\/div><\/article><article class=\"et_pb_post et_pb_post_id_1824 clearfix et_pb_blog_item_0_4 post-1824 post type-post status-publish format-standard has-post-thumbnail hentry category-blog\"><div class=\"et_pb_image_container\"><a href=\"https:\/\/sabanaplaza.com.co\/index.php\/2025\/05\/07\/el-regalo-perfecto-para-mama\/\" class=\"entry-featured-image-url\"><img decoding=\"async\" src=\"https:\/\/sabanaplaza.com.co\/wp-content\/uploads\/2025\/05\/Banner-dia-de-la-madre-home-sabana-plaza.jpg\" width=\"400\" height=\"284\" alt=\"El regalo perfecto para mam\u00e1\" class=\"\" srcset=\"https:\/\/sabanaplaza.com.co\/wp-content\/uploads\/2025\/05\/Banner-dia-de-la-madre-home-sabana-plaza.jpg 479w, https:\/\/sabanaplaza.com.co\/wp-content\/uploads\/2025\/05\/Banner-dia-de-la-madre-home-sabana-plaza-400x284.jpg 480w\" sizes=\"(max-width:479px) 479px, 100vw\" \/><span data-icon=\"\ue050\" class=\"et_overlay et_pb_inline_icon\"><\/span><\/a><\/div><h2 class=\"entry-title\"><a href=\"https:\/\/sabanaplaza.com.co\/index.php\/2025\/05\/07\/el-regalo-perfecto-para-mama\/\">El regalo perfecto para mam\u00e1<\/a><\/h2><p class=\"post-meta\">by <span class=\"author vcard\"><a href=\"https:\/\/sabanaplaza.com.co\/index.php\/author\/gerencia\/\" title=\"Posts by Mercadeo y Comunicaciones\" rel=\"author\">Mercadeo y Comunicaciones<\/a><\/span> | <span class=\"published\">May 7, 2025<\/span> | <span class=\"entry-categories\"><a href=\"https:\/\/sabanaplaza.com.co\/index.php\/category\/blog\/\" rel=\"tag\">Blog<\/a><\/span><\/p><div class=\"post-content\"><div class=\"post-content-inner\"><p>En Sabana Plaza, celebramos a mam\u00e1 como se merece Este mes de las madres, en Sabana Plaza, \u00a1Lo tenemos todo!Regalos, experiencias y mucho m\u00e1s\u2026 Conoce m\u00e1s regalos para mam\u00e1Desde textil, calzado y tecnolog\u00eda, hasta opciones como perfumer\u00eda y detalles especiales,&#8230;<\/p>\n<\/div><\/div><\/article><article class=\"et_pb_post et_pb_post_id_1743 clearfix et_pb_blog_item_0_5 post-1743 post type-post status-publish format-standard has-post-thumbnail hentry category-blog\"><div class=\"et_pb_image_container\"><a href=\"https:\/\/sabanaplaza.com.co\/index.php\/2025\/04\/09\/spartak-emprendimiento-pasion-y-fabricacion-nacional-en-la-industria-del-calzado-colombiano\/\" class=\"entry-featured-image-url\"><img decoding=\"async\" src=\"https:\/\/sabanaplaza.com.co\/wp-content\/uploads\/2025\/04\/IMG_4361.jpg\" width=\"400\" height=\"284\" alt=\"Spartak: Emprendimiento, pasi\u00f3n y fabricaci\u00f3n nacional en la industria del calzado colombiano\" class=\"\" srcset=\"https:\/\/sabanaplaza.com.co\/wp-content\/uploads\/2025\/04\/IMG_4361.jpg 479w, https:\/\/sabanaplaza.com.co\/wp-content\/uploads\/2025\/04\/IMG_4361-400x284.jpg 480w\" sizes=\"(max-width:479px) 479px, 100vw\" \/><span data-icon=\"\ue050\" class=\"et_overlay et_pb_inline_icon\"><\/span><\/a><\/div><h2 class=\"entry-title\"><a href=\"https:\/\/sabanaplaza.com.co\/index.php\/2025\/04\/09\/spartak-emprendimiento-pasion-y-fabricacion-nacional-en-la-industria-del-calzado-colombiano\/\">Spartak: Emprendimiento, pasi\u00f3n y fabricaci\u00f3n nacional en la industria del calzado colombiano<\/a><\/h2><p class=\"post-meta\">by <span class=\"author vcard\"><a href=\"https:\/\/sabanaplaza.com.co\/index.php\/author\/gerencia\/\" title=\"Posts by Mercadeo y Comunicaciones\" rel=\"author\">Mercadeo y Comunicaciones<\/a><\/span> | <span class=\"published\">Apr 9, 2025<\/span> | <span class=\"entry-categories\"><a href=\"https:\/\/sabanaplaza.com.co\/index.php\/category\/blog\/\" rel=\"tag\">Blog<\/a><\/span><\/p><div class=\"post-content\"><div class=\"post-content-inner\"><p>La industria del calzado en Colombia ha sido una de las m\u00e1s representativas del emprendimiento nacional. Iniciando con peque\u00f1os talleres familiares y creciendo a tal punto de obtener f\u00e1bricas consolidadas, este sector ha demostrado ser una fuente clave de empleo y&#8230;<\/p>\n<\/div><\/div><\/article><article class=\"et_pb_post et_pb_post_id_1630 clearfix et_pb_blog_item_0_6 post-1630 post type-post status-publish format-standard has-post-thumbnail hentry category-blog\"><div class=\"et_pb_image_container\"><a href=\"https:\/\/sabanaplaza.com.co\/index.php\/2025\/03\/21\/un-sueno-que-crecio-con-el-tiempo\/\" class=\"entry-featured-image-url\"><img decoding=\"async\" src=\"https:\/\/sabanaplaza.com.co\/wp-content\/uploads\/2025\/03\/Banner.jpg\" width=\"400\" height=\"284\" alt=\"Un Sue\u00f1o que creci\u00f3 con el tiempo&#8230;\" class=\"\" srcset=\"https:\/\/sabanaplaza.com.co\/wp-content\/uploads\/2025\/03\/Banner.jpg 479w, https:\/\/sabanaplaza.com.co\/wp-content\/uploads\/2025\/03\/Banner-400x284.jpg 480w\" sizes=\"(max-width:479px) 479px, 100vw\" \/><span data-icon=\"\ue050\" class=\"et_overlay et_pb_inline_icon\"><\/span><\/a><\/div><h2 class=\"entry-title\"><a href=\"https:\/\/sabanaplaza.com.co\/index.php\/2025\/03\/21\/un-sueno-que-crecio-con-el-tiempo\/\">Un Sue\u00f1o que creci\u00f3 con el tiempo&#8230;<\/a><\/h2><p class=\"post-meta\">by <span class=\"author vcard\"><a href=\"https:\/\/sabanaplaza.com.co\/index.php\/author\/gerencia\/\" title=\"Posts by Mercadeo y Comunicaciones\" rel=\"author\">Mercadeo y Comunicaciones<\/a><\/span> | <span class=\"published\">Mar 21, 2025<\/span> | <span class=\"entry-categories\"><a href=\"https:\/\/sabanaplaza.com.co\/index.php\/category\/blog\/\" rel=\"tag\">Blog<\/a><\/span><\/p><div class=\"post-content\"><div class=\"post-content-inner\"><p>ISAO: Un caso de \u00e9xito en Sabana Plaza. Emprender es un camino lleno de desaf\u00edos, pero tambi\u00e9n de grandes satisfacciones. Un claro ejemplo, es la historia de Valentina Celis, fundadora de ISAO, una marca que ha sabido consolidarse en el tiempo,\u00a0 inspirada en el anime&#8230;.<\/p>\n<\/div><\/div><\/article><\/div><\/div><\/div><\/div><\/div><\/div><div class=\"et_pb_section_2 et_pb_section et_section_regular et_block_section\"><div class=\"et_pb_row_3 et_pb_row et_pb_equal_columns et_block_row\"><div class=\"et_pb_column_3 et_pb_column et_pb_column_2_3 et_block_column et_pb_css_mix_blend_mode_passthrough\"><div class=\"et_pb_text_1 et_pb_text et_pb_bg_layout_light et_pb_module et_block_module preset--module--divi-text--aaa7c440-590a-4078-ae0c-0f3c699ac51c\"><div class=\"et_pb_text_inner\"><h3><span>Diversidad, calidad y comunidad en un solo lugar. \u00a1Ven y vive la experiencia \u00fanica de compras!<\/span><\/h3>\n<\/div><\/div><div class=\"et_pb_code_0 et_pb_code et_pb_module\"><div class=\"et_pb_code_inner\"><iframe src=\"https:\/\/www.google.com\/maps\/embed?pb=!1m18!1m12!1m3!1d3976.9302461220323!2d-74.08788852628061!3d4.606510442469515!2m3!1f0!2f0!3f0!3m2!1i1024!2i768!4f13.1!3m3!1m2!1s0x8e3f9973374631a1%3A0x900835142969734!2sCentro%20Comercial%20Sabana%20Plaza!5e0!3m2!1ses-419!2sco!4v1705634715195!5m2!1ses-419!2sco\" width=\"600\" height=\"450\" style=\"border:0;\" allowfullscreen=\"\" loading=\"lazy\" referrerpolicy=\"no-referrer-when-downgrade\"><\/iframe><\/div><\/div><\/div><div class=\"et_pb_column_4 et_pb_column et_pb_column_1_3 et-last-child et_block_column et_pb_css_mix_blend_mode_passthrough\"><span class=\"et_pb_background_mask\"><\/span><div class=\"et_pb_text_2 et_pb_text et_pb_bg_layout_light et_pb_module et_block_module preset--module--divi-text--4827deed-2a92-4d97-a22f-f01067ae6873\"><div class=\"et_pb_text_inner\"><h2><strong><span style=\"color: #000000;\">Enlaces:<\/span><\/strong><\/h2>\n<\/div><\/div><div class=\"et_pb_text_3 et_pb_text et_pb_bg_layout_light et_pb_module et_block_module preset--module--divi-text--1f09816e-184e-4ce5-a4cf-b39c52c423ca\"><div class=\"et_pb_text_inner\"><p><a href=\"https:\/\/sabanaplaza.com.co\/index.php\/contactanos\/\"><span style=\"color: #000000;\"><strong>&#8211; Contacto<\/strong><\/span><\/a><br \/><a href=\"https:\/\/sabanaplaza.com.co\/index.php\/sabanistas\/\"><span style=\"color: #000000;\"><strong>&#8211; Sabanistas<\/strong><\/span><\/a><br \/><span style=\"color: #000000;\"><strong><span style=\"color: #000000;\"><a href=\"https:\/\/sabanaplaza.com.co\/index.php\/politica-privacidad\/\" style=\"color: #000000;\">&#8211; Pol\u00edtica de privacidad de datos<\/a><\/span><br \/><\/strong><strong><a href=\"https:\/\/sabanaplaza.com.co\/index.php\/pqr\/\" style=\"color: #000000;\">&#8211; PQR<\/a><\/strong><\/span><\/p>\n<\/div><\/div><ul class=\"et_pb_social_media_follow_0 et_pb_social_media_follow clearfix et_pb_bg_layout_light et_pb_module et_block_module\"><li class=\"et_pb_social_media_follow_network_0 et_pb_social_media_follow_network et_pb_social_icon et_pb_social_network_link et-social-facebook et_pb_module et_flex_module\"><a href=\"https:\/\/www.facebook.com\/ccsabanaplaza\" class=\"icon\" target=\"_self\" title=\"Follow on Facebook\" rel=\"noopener\"><span class=\"et_pb_social_media_follow_network_name\">Follow<\/span><\/a><\/li><li class=\"et_pb_social_media_follow_network_1 et_pb_social_media_follow_network et_pb_social_icon et_pb_social_network_link et-social-twitter et_pb_module et_flex_module\"><a href=\"https:\/\/twitter.com\/Sabanaplazacc\" class=\"icon\" target=\"_self\" title=\"Follow on Twitter\" rel=\"noopener\"><span class=\"et_pb_social_media_follow_network_name\">Follow<\/span><\/a><\/li><li class=\"et_pb_social_media_follow_network_2 et_pb_social_media_follow_network et_pb_social_icon et_pb_social_network_link et-social-instagram et_pb_module et_flex_module\"><a href=\"https:\/\/www.instagram.com\/ccsabanaplaza\/\" class=\"icon\" target=\"_self\" title=\"Follow on Instagram\" rel=\"noopener\"><span class=\"et_pb_social_media_follow_network_name\">Follow<\/span><\/a><\/li><li class=\"et_pb_social_media_follow_network_3 et_pb_social_media_follow_network et_pb_social_icon et_pb_social_network_link et-pb-social-fa-icon et-social-tiktok et_pb_module et_flex_module\"><a href=\"https:\/\/www.tiktok.com\/@ccsabanaplaza\" class=\"icon\" target=\"_self\" title=\"Follow on Tiktok\" rel=\"noopener\"><span class=\"et_pb_social_media_follow_network_name\">Follow<\/span><\/a><\/li><\/ul><div class=\"et_pb_module et_pb_button_module_wrapper et_pb_button_0_wrapper\"><a class=\"et_pb_button_0 et_pb_button et_pb_bg_layout_dark et_animated et_pb_module et_block_module\" href=\"https:\/\/sabanaplaza.com.co\/index.php\/pagar-administracion\/\">Pagar Administraci\u00f3n<\/a><\/div><div class=\"et_pb_image_1 et_pb_image et_pb_module et_block_module\"><span class=\"et_pb_image_wrap\"><img decoding=\"async\" src=\"https:\/\/sabanaplaza.com.co\/wp-content\/uploads\/2024\/01\/Logo-Negativo.png\" width=\"1024\" height=\"1024\" srcset=\"https:\/\/sabanaplaza.com.co\/wp-content\/uploads\/2024\/01\/Logo-Negativo.png 1024w, https:\/\/sabanaplaza.com.co\/wp-content\/uploads\/2024\/01\/Logo-Negativo-980x980.png 980w, https:\/\/sabanaplaza.com.co\/wp-content\/uploads\/2024\/01\/Logo-Negativo-480x480.png 480w\" sizes=\"(min-width: 0px) and (max-width: 480px) 480px, (min-width: 481px) and (max-width: 980px) 980px, (min-width: 981px) 1024px, 100vw\" class=\"wp-image-206\" title=\"Logo-Negativo\" \/><\/span><\/div><\/div><\/div><\/div>","protected":false},"excerpt":{"rendered":"","protected":false},"author":1,"featured_media":0,"parent":0,"menu_order":0,"comment_status":"closed","ping_status":"closed","template":"","meta":{"footnotes":""},"class_list":["post-1191","page","type-page","status-publish","hentry"],"yoast_head":"<!-- This site is optimized with the Yoast SEO Premium plugin v22.8 (Yoast SEO v27.0) - https:\/\/yoast.com\/product\/yoast-seo-premium-wordpress\/ -->\n<title>Blog Sabanista - Sabana Plaza<\/title>\n<meta name=\"robots\" content=\"index, follow, max-snippet:-1, max-image-preview:large, max-video-preview:-1\" \/>\n<link rel=\"canonical\" href=\"https:\/\/sabanaplaza.com.co\/index.php\/blog-sabanista\/\" \/>\n<meta property=\"og:locale\" content=\"en_US\" \/>\n<meta property=\"og:type\" content=\"article\" \/>\n<meta property=\"og:title\" content=\"Blog Sabanista\" \/>\n<meta property=\"og:url\" content=\"https:\/\/sabanaplaza.com.co\/index.php\/blog-sabanista\/\" \/>\n<meta property=\"og:site_name\" content=\"Sabana Plaza\" \/>\n<meta property=\"article:modified_time\" content=\"2026-02-25T15:18:22+00:00\" \/>\n<meta name=\"twitter:card\" content=\"summary_large_image\" \/>\n<script type=\"application\/ld+json\" class=\"yoast-schema-graph\">{\"@context\":\"https:\/\/schema.org\",\"@graph\":[{\"@type\":\"WebPage\",\"@id\":\"https:\/\/sabanaplaza.com.co\/index.php\/blog-sabanista\/\",\"url\":\"https:\/\/sabanaplaza.com.co\/index.php\/blog-sabanista\/\",\"name\":\"Blog Sabanista - Sabana Plaza\",\"isPartOf\":{\"@id\":\"https:\/\/sabanaplaza.com.co\/#website\"},\"datePublished\":\"2024-06-19T11:24:20+00:00\",\"dateModified\":\"2026-02-25T15:18:22+00:00\",\"breadcrumb\":{\"@id\":\"https:\/\/sabanaplaza.com.co\/index.php\/blog-sabanista\/#breadcrumb\"},\"inLanguage\":\"en-US\",\"potentialAction\":[{\"@type\":\"ReadAction\",\"target\":[\"https:\/\/sabanaplaza.com.co\/index.php\/blog-sabanista\/\"]}]},{\"@type\":\"BreadcrumbList\",\"@id\":\"https:\/\/sabanaplaza.com.co\/index.php\/blog-sabanista\/#breadcrumb\",\"itemListElement\":[{\"@type\":\"ListItem\",\"position\":1,\"name\":\"Portada\",\"item\":\"https:\/\/sabanaplaza.com.co\/\"},{\"@type\":\"ListItem\",\"position\":2,\"name\":\"Blog Sabanista\"}]},{\"@type\":\"WebSite\",\"@id\":\"https:\/\/sabanaplaza.com.co\/#website\",\"url\":\"https:\/\/sabanaplaza.com.co\/\",\"name\":\"Sabana Plaza\",\"description\":\"Centro Comercial \",\"potentialAction\":[{\"@type\":\"SearchAction\",\"target\":{\"@type\":\"EntryPoint\",\"urlTemplate\":\"https:\/\/sabanaplaza.com.co\/?s={search_term_string}\"},\"query-input\":{\"@type\":\"PropertyValueSpecification\",\"valueRequired\":true,\"valueName\":\"search_term_string\"}}],\"inLanguage\":\"en-US\"}]}<\/script>\n<!-- \/ Yoast SEO Premium plugin. -->","yoast_head_json":{"title":"Blog Sabanista - Sabana Plaza","robots":{"index":"index","follow":"follow","max-snippet":"max-snippet:-1","max-image-preview":"max-image-preview:large","max-video-preview":"max-video-preview:-1"},"canonical":"https:\/\/sabanaplaza.com.co\/index.php\/blog-sabanista\/","og_locale":"en_US","og_type":"article","og_title":"Blog Sabanista","og_url":"https:\/\/sabanaplaza.com.co\/index.php\/blog-sabanista\/","og_site_name":"Sabana Plaza","article_modified_time":"2026-02-25T15:18:22+00:00","twitter_card":"summary_large_image","schema":{"@context":"https:\/\/schema.org","@graph":[{"@type":"WebPage","@id":"https:\/\/sabanaplaza.com.co\/index.php\/blog-sabanista\/","url":"https:\/\/sabanaplaza.com.co\/index.php\/blog-sabanista\/","name":"Blog Sabanista - Sabana Plaza","isPartOf":{"@id":"https:\/\/sabanaplaza.com.co\/#website"},"datePublished":"2024-06-19T11:24:20+00:00","dateModified":"2026-02-25T15:18:22+00:00","breadcrumb":{"@id":"https:\/\/sabanaplaza.com.co\/index.php\/blog-sabanista\/#breadcrumb"},"inLanguage":"en-US","potentialAction":[{"@type":"ReadAction","target":["https:\/\/sabanaplaza.com.co\/index.php\/blog-sabanista\/"]}]},{"@type":"BreadcrumbList","@id":"https:\/\/sabanaplaza.com.co\/index.php\/blog-sabanista\/#breadcrumb","itemListElement":[{"@type":"ListItem","position":1,"name":"Portada","item":"https:\/\/sabanaplaza.com.co\/"},{"@type":"ListItem","position":2,"name":"Blog Sabanista"}]},{"@type":"WebSite","@id":"https:\/\/sabanaplaza.com.co\/#website","url":"https:\/\/sabanaplaza.com.co\/","name":"Sabana Plaza","description":"Centro Comercial ","potentialAction":[{"@type":"SearchAction","target":{"@type":"EntryPoint","urlTemplate":"https:\/\/sabanaplaza.com.co\/?s={search_term_string}"},"query-input":{"@type":"PropertyValueSpecification","valueRequired":true,"valueName":"search_term_string"}}],"inLanguage":"en-US"}]}},"_links":{"self":[{"href":"https:\/\/sabanaplaza.com.co\/index.php\/wp-json\/wp\/v2\/pages\/1191","targetHints":{"allow":["GET"]}}],"collection":[{"href":"https:\/\/sabanaplaza.com.co\/index.php\/wp-json\/wp\/v2\/pages"}],"about":[{"href":"https:\/\/sabanaplaza.com.co\/index.php\/wp-json\/wp\/v2\/types\/page"}],"author":[{"embeddable":true,"href":"https:\/\/sabanaplaza.com.co\/index.php\/wp-json\/wp\/v2\/users\/1"}],"replies":[{"embeddable":true,"href":"https:\/\/sabanaplaza.com.co\/index.php\/wp-json\/wp\/v2\/comments?post=1191"}],"version-history":[{"count":9,"href":"https:\/\/sabanaplaza.com.co\/index.php\/wp-json\/wp\/v2\/pages\/1191\/revisions"}],"predecessor-version":[{"id":2263,"href":"https:\/\/sabanaplaza.com.co\/index.php\/wp-json\/wp\/v2\/pages\/1191\/revisions\/2263"}],"wp:attachment":[{"href":"https:\/\/sabanaplaza.com.co\/index.php\/wp-json\/wp\/v2\/media?parent=1191"}],"curies":[{"name":"wp","href":"https:\/\/api.w.org\/{rel}","templated":true}]}}