{"id":362,"date":"2024-01-22T14:03:22","date_gmt":"2024-01-22T13:03:22","guid":{"rendered":"https:\/\/sabanaplaza.com.co\/?page_id=362"},"modified":"2026-02-25T16:18:14","modified_gmt":"2026-02-25T15:18:14","slug":"sabanistas","status":"publish","type":"page","link":"https:\/\/sabanaplaza.com.co\/index.php\/sabanistas\/","title":{"rendered":"Sabanistas"},"content":{"rendered":"<div class=\"et_pb_section_0 et_pb_section et_pb_fullwidth_section et_section_regular et_block_section et-pb-has-background-video et_pb_preload\"><span class=\"et-pb-background-video\"><video autoplay loop playsinline muted><source type=\"video\/mp4\" src=\"https:\/\/sabanaplaza.com.co\/wp-content\/uploads\/2025\/04\/Colaboradores-sabanistas.mp4\" \/><\/video><\/span><section class=\"et_pb_fullwidth_header_0 et_pb_fullwidth_header et_pb_bg_layout_light et_pb_text_align_center et_animated et_pb_module et_flex_module\"><div class=\"et_pb_fullwidth_header_container center\"><div class=\"header-content-container center\"><div class=\"header-content et_flex_module\"><h2 class=\"et_pb_module_header\">Comunidad-sabanista<\/h2><span class=\"et_pb_fullwidth_header_subhead\">Somos el cambio que queremos ver en el futuro<\/span><div class=\"et_pb_header_button_wrapper\"><\/div><\/div><\/div><\/div><div class=\"et_pb_fullwidth_header_overlay\"><\/div><div class=\"et_pb_fullwidth_header_scroll\"><\/div><\/section><\/div><div class=\"et_pb_section_1 et_pb_section et_section_regular et_block_section\"><div class=\"et_pb_row_0 et_pb_row et_block_row\"><div class=\"et_pb_column_0 et_pb_column et_pb_column_4_4 et-last-child et_block_column et_pb_css_mix_blend_mode_passthrough\"><div class=\"et_pb_heading_0 et_pb_heading et_pb_module et_block_module preset--module--divi-heading--395b6de0-db97-480c-b831-85eefb72873e\"><div class=\"et_pb_heading_container\"><h2 class=\"et_pb_module_header\">Escenarios de Moda<\/h2><\/div><\/div><\/div><\/div><div class=\"et_pb_row_1 et_pb_row et_pb_gutters2 et_block_row\"><div class=\"et_pb_column_1 et_pb_column et_pb_column_1_3 et_block_column et_pb_css_mix_blend_mode_passthrough\"><div class=\"et_pb_image_0 et_pb_image et_pb_module et_block_module\"><span class=\"et_pb_image_wrap\"><img decoding=\"async\" src=\"https:\/\/sabanaplaza.com.co\/wp-content\/uploads\/2026\/01\/Moda-Sabana-Plaza-1-scaled.webp\" width=\"1912\" height=\"2560\" srcset=\"https:\/\/sabanaplaza.com.co\/wp-content\/uploads\/2026\/01\/Moda-Sabana-Plaza-1-scaled.webp 1912w, https:\/\/sabanaplaza.com.co\/wp-content\/uploads\/2026\/01\/Moda-Sabana-Plaza-1-1280x1714.webp 1280w, https:\/\/sabanaplaza.com.co\/wp-content\/uploads\/2026\/01\/Moda-Sabana-Plaza-1-980x1312.webp 980w, https:\/\/sabanaplaza.com.co\/wp-content\/uploads\/2026\/01\/Moda-Sabana-Plaza-1-480x643.webp 480w\" sizes=\"(min-width: 0px) and (max-width: 480px) 480px, (min-width: 481px) and (max-width: 980px) 980px, (min-width: 981px) and (max-width: 1280px) 1280px, (min-width: 1281px) 1912px, 100vw\" class=\"wp-image-2184\" title=\"Moda Sabana Plaza 1\" \/><\/span><\/div><\/div><div class=\"et_pb_column_2 et_pb_column et_pb_column_1_3 et_block_column et_pb_css_mix_blend_mode_passthrough\"><div class=\"et_pb_image_1 et_pb_image et_pb_module et_block_module\"><span class=\"et_pb_image_wrap\"><img decoding=\"async\" src=\"https:\/\/sabanaplaza.com.co\/wp-content\/uploads\/2026\/01\/Mesa-de-trabajo-3-scaled.webp\" width=\"1912\" height=\"2560\" srcset=\"https:\/\/sabanaplaza.com.co\/wp-content\/uploads\/2026\/01\/Mesa-de-trabajo-3-scaled.webp 1912w, https:\/\/sabanaplaza.com.co\/wp-content\/uploads\/2026\/01\/Mesa-de-trabajo-3-1280x1714.webp 1280w, https:\/\/sabanaplaza.com.co\/wp-content\/uploads\/2026\/01\/Mesa-de-trabajo-3-980x1312.webp 980w, https:\/\/sabanaplaza.com.co\/wp-content\/uploads\/2026\/01\/Mesa-de-trabajo-3-480x643.webp 480w\" sizes=\"(min-width: 0px) and (max-width: 480px) 480px, (min-width: 481px) and (max-width: 980px) 980px, (min-width: 981px) and (max-width: 1280px) 1280px, (min-width: 1281px) 1912px, 100vw\" class=\"wp-image-2183\" title=\"Mesa de trabajo 3\" \/><\/span><\/div><\/div><div class=\"et_pb_column_3 et_pb_column et_pb_column_1_3 et-last-child et_block_column et_pb_css_mix_blend_mode_passthrough\"><div class=\"et_pb_image_2 et_pb_image et_pb_module et_block_module\"><span class=\"et_pb_image_wrap\"><img decoding=\"async\" src=\"https:\/\/sabanaplaza.com.co\/wp-content\/uploads\/2026\/01\/Moda-Sabana-Plaza-2-scaled.webp\" width=\"1912\" height=\"2560\" srcset=\"https:\/\/sabanaplaza.com.co\/wp-content\/uploads\/2026\/01\/Moda-Sabana-Plaza-2-scaled.webp 1912w, https:\/\/sabanaplaza.com.co\/wp-content\/uploads\/2026\/01\/Moda-Sabana-Plaza-2-1280x1714.webp 1280w, https:\/\/sabanaplaza.com.co\/wp-content\/uploads\/2026\/01\/Moda-Sabana-Plaza-2-980x1312.webp 980w, https:\/\/sabanaplaza.com.co\/wp-content\/uploads\/2026\/01\/Moda-Sabana-Plaza-2-480x643.webp 480w\" sizes=\"(min-width: 0px) and (max-width: 480px) 480px, (min-width: 481px) and (max-width: 980px) 980px, (min-width: 981px) and (max-width: 1280px) 1280px, (min-width: 1281px) 1912px, 100vw\" class=\"wp-image-2186\" title=\"Moda Sabana Plaza 2\" \/><\/span><\/div><\/div><\/div><div class=\"et_pb_row_2 et_pb_row et_block_row\"><div class=\"et_pb_column_4 et_pb_column et_pb_column_1_3 et_block_column et_pb_css_mix_blend_mode_passthrough\"><div class=\"et_pb_heading_1 et_pb_heading et_pb_module et_block_module preset--module--divi-heading--5d0f884e-18f1-4c12-a6d0-277600177e00\"><div class=\"et_pb_heading_container\"><h4 class=\"et_pb_module_header\">Tendencias<\/h4><\/div><\/div><div class=\"et_pb_text_0 et_pb_text et_pb_bg_layout_light et_pb_module et_block_module preset--module--divi-text--9fd44913-f209-45ba-b190-d6cf17ec96da\"><div class=\"et_pb_text_inner\"><p style=\"text-align: center;\">Dise\u00f1o y ritmo de la ciudad. Ac\u00e1 se viven las tendencias de temporada en calzado y moda; las que est\u00e1n marcando el estilo hoy.<\/p>\n<\/div><\/div><\/div><div class=\"et_pb_column_5 et_pb_column et_pb_column_1_3 et_block_column et_pb_css_mix_blend_mode_passthrough\"><div class=\"et_pb_heading_2 et_pb_heading et_pb_module et_block_module preset--module--divi-heading--5d0f884e-18f1-4c12-a6d0-277600177e00\"><div class=\"et_pb_heading_container\"><h4 class=\"et_pb_module_header\">Urbano<\/h4><\/div><\/div><div class=\"et_pb_text_1 et_pb_text et_pb_bg_layout_light et_pb_module et_block_module preset--module--divi-text--9fd44913-f209-45ba-b190-d6cf17ec96da\"><div class=\"et_pb_text_inner\"><p style=\"text-align: center;\">La energ\u00eda de la ciudad con lo \u00faltimo en moda urbana y calzado <i data-path-to-node=\"5\" data-index-in-node=\"116\">sport<\/i>. Este es el confort y el estilo de nuestras pasarela para ofrecerte un look din\u00e1mico, aut\u00e9ntico y listo para el d\u00eda a d\u00eda.<\/p>\n<\/div><\/div><\/div><div class=\"et_pb_column_6 et_pb_column et_pb_column_1_3 et-last-child et_block_column et_pb_css_mix_blend_mode_passthrough\"><div class=\"et_pb_heading_3 et_pb_heading et_pb_module et_block_module preset--module--divi-heading--5d0f884e-18f1-4c12-a6d0-277600177e00\"><div class=\"et_pb_heading_container\"><h4 class=\"et_pb_module_header\">Business<\/h4><\/div><\/div><div class=\"et_pb_text_2 et_pb_text et_pb_bg_layout_light et_pb_module et_block_module preset--module--divi-text--9fd44913-f209-45ba-b190-d6cf17ec96da\"><div class=\"et_pb_text_inner\"><p style=\"text-align: center;\">El nuevo est\u00e1ndar del \u00e9xito. Una curadur\u00eda de siluetas estructuradas y calzado que proyectan seguridad.<\/p>\n<\/div><\/div><\/div><\/div><\/div><div class=\"et_pb_section_2 et_pb_section et_pb_fullwidth_section et_section_regular et_block_section\"><div class=\"et_pb_fullwidth_image_0 et_pb_fullwidth_image et_pb_module\"><img decoding=\"async\" src=\"https:\/\/sabanaplaza.com.co\/wp-content\/uploads\/2026\/01\/DSC09737-scaled.jpg\" width=\"2560\" height=\"1591\" srcset=\"https:\/\/sabanaplaza.com.co\/wp-content\/uploads\/2026\/01\/DSC09737-scaled.jpg 2560w, https:\/\/sabanaplaza.com.co\/wp-content\/uploads\/2026\/01\/DSC09737-1280x796.jpg 1280w, https:\/\/sabanaplaza.com.co\/wp-content\/uploads\/2026\/01\/DSC09737-980x609.jpg 980w, https:\/\/sabanaplaza.com.co\/wp-content\/uploads\/2026\/01\/DSC09737-480x298.jpg 480w\" sizes=\"(min-width: 0px) and (max-width: 480px) 480px, (min-width: 481px) and (max-width: 980px) 980px, (min-width: 981px) and (max-width: 1280px) 1280px, (min-width: 1281px) 2560px, 100vw\" class=\"wp-image-2180\" title=\"DSC09737\" \/><\/div><\/div><div class=\"et_pb_section_3 et_pb_section et_section_regular et_block_section\"><div class=\"et_pb_row_3 et_pb_row et_block_row et_animated\"><div class=\"et_pb_column_7 et_pb_column et_pb_column_4_4 et-last-child et_block_column et_pb_css_mix_blend_mode_passthrough\"><div class=\"et_pb_text_3 et_pb_text et_pb_bg_layout_light et_animated et_pb_module et_block_module preset--module--divi-text--003e9429-8e11-4d9e-968b-8881092bbf81\"><div class=\"et_pb_text_inner\"><h2 style=\"text-align: center;\">\u00a1Te esperamos!<\/h2>\n<\/div><\/div><div class=\"et_pb_slider_0 et_pb_slider et_pb_slider_fullwidth_off et_pb_module et_block_module\"><div class=\"et_pb_slides\"><div class=\"et_pb_slide_0 et_pb_slide et_pb_media_alignment_center et_pb_bg_layout_dark et_pb_text_align_center et_pb_module et_block_module\" data-slide-id=\"divi\/slide-0\"><div class=\"et_pb_container\"><div class=\"et_pb_slider_container_inner\"><div class=\"et_pb_slide_description\"><h2 class=\"et_pb_slide_title\">Conciertos Sabanistas<\/h2><\/div><\/div><\/div><\/div><div class=\"et_pb_slide_1 et_pb_slide et_pb_media_alignment_center et_pb_bg_layout_dark et_pb_text_align_center et_pb_module et_block_module\" data-slide-id=\"divi\/slide-1\"><div class=\"et_pb_container\"><div class=\"et_pb_slider_container_inner\"><div class=\"et_pb_slide_description\"><\/div><\/div><\/div><\/div><div class=\"et_pb_slide_2 et_pb_slide et_pb_media_alignment_center et_pb_bg_layout_dark et_pb_text_align_center et_pb_module et_block_module\" data-slide-id=\"divi\/slide-2\"><div class=\"et_pb_container\"><div class=\"et_pb_slider_container_inner\"><div class=\"et_pb_slide_description\"><\/div><\/div><\/div><\/div><div class=\"et_pb_slide_3 et_pb_slide et_pb_media_alignment_center et_pb_bg_layout_dark et_pb_text_align_center et_pb_module et_block_module\" data-slide-id=\"divi\/slide-3\"><div class=\"et_pb_container\"><div class=\"et_pb_slider_container_inner\"><div class=\"et_pb_slide_description\"><\/div><\/div><\/div><\/div><\/div><\/div><\/div><\/div><div class=\"et_pb_row_4 et_pb_row et_block_row et_animated\"><div class=\"et_pb_column_8 et_pb_column et_pb_column_4_4 et-last-child et_block_column et_pb_css_mix_blend_mode_passthrough\"><div class=\"et_pb_slider_1 et_pb_slider et_pb_slider_fullwidth_off et_pb_module et_block_module\"><div class=\"et_pb_slides\"><div class=\"et_pb_slide_4 et_pb_slide et_pb_media_alignment_center et_pb_bg_layout_dark et_pb_text_align_center et_pb_module et_block_module\" data-slide-id=\"divi\/slide-4\"><div class=\"et_pb_container\"><div class=\"et_pb_slider_container_inner\"><div class=\"et_pb_slide_description\"><h2 class=\"et_pb_slide_title\">Diversi\u00f3n para todas las edades<\/h2><\/div><\/div><\/div><\/div><div class=\"et_pb_slide_5 et_pb_slide et_pb_media_alignment_center et_pb_bg_layout_dark et_pb_text_align_center et_pb_module et_block_module\" data-slide-id=\"divi\/slide-5\"><div class=\"et_pb_container\"><div class=\"et_pb_slider_container_inner\"><div class=\"et_pb_slide_description\"><\/div><\/div><\/div><\/div><div class=\"et_pb_slide_6 et_pb_slide et_pb_media_alignment_center et_pb_bg_layout_dark et_pb_text_align_center et_pb_module et_block_module\" data-slide-id=\"divi\/slide-6\"><div class=\"et_pb_container\"><div class=\"et_pb_slider_container_inner\"><div class=\"et_pb_slide_description\"><\/div><\/div><\/div><\/div><div class=\"et_pb_slide_7 et_pb_slide et_pb_media_alignment_center et_pb_bg_layout_dark et_pb_text_align_center et_pb_module et_block_module\" data-slide-id=\"divi\/slide-7\"><div class=\"et_pb_container\"><div class=\"et_pb_slider_container_inner\"><div class=\"et_pb_slide_description\"><\/div><\/div><\/div><\/div><\/div><\/div><\/div><\/div><div class=\"et_pb_row_5 et_pb_row et_block_row et_animated\"><div class=\"et_pb_column_9 et_pb_column et_pb_column_4_4 et-last-child et_block_column et_pb_css_mix_blend_mode_passthrough\"><div class=\"et_pb_text_4 et_pb_text et_pb_bg_layout_light et_pb_module et_block_module et_pb_text_align_center preset--module--divi-text--82a1bf89-55c7-4547-a2a7-9e69b81b65dd\"><div class=\"et_pb_text_inner\"><p>Enriquecemos nuestra comunidad por medio de conciertos, espect\u00e1culos en vivo y conmemoraci\u00f3n de fechas especiales que atraen a sabanistas de todas partes de nuestro pa\u00eds, enriqueciendo la vida de nuestra comunidad.<br \/>Estimulamos sentidos, fomentamos la conexi\u00f3n y creamos recuerdos enriquecedores.<span><\/span><\/p>\n<\/div><\/div><\/div><\/div><\/div><div class=\"et_pb_section_4 et_pb_section et_section_regular et_block_section\"><div class=\"et_pb_row_6 et_pb_row et_block_row\"><div class=\"et_pb_column_10 et_pb_column et_pb_column_4_4 et-last-child et_block_column et_pb_css_mix_blend_mode_passthrough\"><div class=\"et_pb_divider_0 et_pb_divider et_pb_space et_pb_divider_position_top et_pb_module\"><div class=\"et_pb_divider_internal\"><\/div><\/div><\/div><\/div><\/div><div class=\"et_pb_section_5 et_pb_section et_section_regular et_block_section\"><div class=\"et_pb_row_7 et_pb_row et_block_row\"><div class=\"et_pb_column_11 et_pb_column et_pb_column_4_4 et-last-child et_block_column et_pb_css_mix_blend_mode_passthrough\"><div class=\"et_pb_text_5 et_pb_text et_pb_bg_layout_light et_pb_module et_block_module preset--module--divi-text--003e9429-8e11-4d9e-968b-8881092bbf81\"><div class=\"et_pb_text_inner\"><h2 style=\"text-align: center;\">El Coraz\u00f3n del Servicio<\/h2>\n<\/div><\/div><div class=\"et_pb_image_3 et_pb_image et_pb_module et_block_module\"><span class=\"et_pb_image_wrap\"><img decoding=\"async\" src=\"https:\/\/sabanaplaza.com.co\/wp-content\/uploads\/2026\/01\/Equipo-de-trabajo-sabana-plaza1-scaled.webp\" width=\"2560\" height=\"1437\" srcset=\"https:\/\/sabanaplaza.com.co\/wp-content\/uploads\/2026\/01\/Equipo-de-trabajo-sabana-plaza1-scaled.webp 2560w, https:\/\/sabanaplaza.com.co\/wp-content\/uploads\/2026\/01\/Equipo-de-trabajo-sabana-plaza1-1280x719.webp 1280w, https:\/\/sabanaplaza.com.co\/wp-content\/uploads\/2026\/01\/Equipo-de-trabajo-sabana-plaza1-980x550.webp 980w, https:\/\/sabanaplaza.com.co\/wp-content\/uploads\/2026\/01\/Equipo-de-trabajo-sabana-plaza1-480x269.webp 480w\" sizes=\"(min-width: 0px) and (max-width: 480px) 480px, (min-width: 481px) and (max-width: 980px) 980px, (min-width: 981px) and (max-width: 1280px) 1280px, (min-width: 1281px) 2560px, 100vw\" class=\"wp-image-2195\" title=\"Equipo de trabajo sabana plaza1\" \/><\/span><\/div><div class=\"et_pb_text_6 et_pb_text et_pb_bg_layout_light et_pb_module et_block_module et_pb_text_align_center preset--module--divi-text--82a1bf89-55c7-4547-a2a7-9e69b81b65dd\"><div class=\"et_pb_text_inner\"><p><span>En Sabana Plaza, cada uno de nosotros es parte de una gran familia comprometida con tu bienestar. Nos esforzamos d\u00eda a d\u00eda para crear un espacio donde te sientas valorado, c\u00f3modo y cuidado.<br \/><\/span><span>Desde un ambiente acogedor hasta servicios pensados para ti, trabajamos juntos para construir un lugar donde tu bienestar humano es nuestra mayor prioridad.<\/span><\/p>\n<\/div><\/div><\/div><\/div><div class=\"et_pb_row_8 et_pb_row et_block_row\"><div class=\"et_pb_column_12 et_pb_column et_pb_column_1_3 et_block_column et_pb_css_mix_blend_mode_passthrough\"><div class=\"et_pb_image_4 et_pb_image et_pb_module et_block_module\"><span class=\"et_pb_image_wrap\"><img decoding=\"async\" src=\"https:\/\/sabanaplaza.com.co\/wp-content\/uploads\/2024\/01\/Empleado-Sabanista-1.png\" width=\"1200\" height=\"1628\" srcset=\"https:\/\/sabanaplaza.com.co\/wp-content\/uploads\/2024\/01\/Empleado-Sabanista-1.png 1200w, https:\/\/sabanaplaza.com.co\/wp-content\/uploads\/2024\/01\/Empleado-Sabanista-1-980x1330.png 980w, https:\/\/sabanaplaza.com.co\/wp-content\/uploads\/2024\/01\/Empleado-Sabanista-1-480x651.png 480w\" sizes=\"(min-width: 0px) and (max-width: 480px) 480px, (min-width: 481px) and (max-width: 980px) 980px, (min-width: 981px) 1200px, 100vw\" class=\"wp-image-370\" title=\"Empleado-Sabanista-1\" \/><\/span><\/div><\/div><div class=\"et_pb_column_13 et_pb_column et_pb_column_1_3 et_block_column et_pb_css_mix_blend_mode_passthrough\"><div class=\"et_pb_image_5 et_pb_image et_pb_module et_block_module\"><span class=\"et_pb_image_wrap\"><img decoding=\"async\" src=\"https:\/\/sabanaplaza.com.co\/wp-content\/uploads\/2026\/01\/Equipo-de-trabajo-sabana-plaza-scaled.webp\" width=\"1886\" height=\"2560\" srcset=\"https:\/\/sabanaplaza.com.co\/wp-content\/uploads\/2026\/01\/Equipo-de-trabajo-sabana-plaza-scaled.webp 1886w, https:\/\/sabanaplaza.com.co\/wp-content\/uploads\/2026\/01\/Equipo-de-trabajo-sabana-plaza-1280x1737.webp 1280w, https:\/\/sabanaplaza.com.co\/wp-content\/uploads\/2026\/01\/Equipo-de-trabajo-sabana-plaza-980x1330.webp 980w, https:\/\/sabanaplaza.com.co\/wp-content\/uploads\/2026\/01\/Equipo-de-trabajo-sabana-plaza-480x652.webp 480w\" sizes=\"(min-width: 0px) and (max-width: 480px) 480px, (min-width: 481px) and (max-width: 980px) 980px, (min-width: 981px) and (max-width: 1280px) 1280px, (min-width: 1281px) 1886px, 100vw\" class=\"wp-image-2190\" title=\"Equipo de trabajo sabana plaza\" \/><\/span><\/div><\/div><div class=\"et_pb_column_14 et_pb_column et_pb_column_1_3 et-last-child et_block_column et_pb_css_mix_blend_mode_passthrough\"><div class=\"et_pb_image_6 et_pb_image et_pb_module et_block_module\"><span class=\"et_pb_image_wrap\"><img decoding=\"async\" src=\"https:\/\/sabanaplaza.com.co\/wp-content\/uploads\/2024\/01\/Empleado-Sabanista-2-scaled.jpg\" width=\"1886\" height=\"2560\" srcset=\"https:\/\/sabanaplaza.com.co\/wp-content\/uploads\/2024\/01\/Empleado-Sabanista-2-scaled.jpg 1886w, https:\/\/sabanaplaza.com.co\/wp-content\/uploads\/2024\/01\/Empleado-Sabanista-2-1280x1737.jpg 1280w, https:\/\/sabanaplaza.com.co\/wp-content\/uploads\/2024\/01\/Empleado-Sabanista-2-980x1330.jpg 980w, https:\/\/sabanaplaza.com.co\/wp-content\/uploads\/2024\/01\/Empleado-Sabanista-2-480x652.jpg 480w\" sizes=\"(min-width: 0px) and (max-width: 480px) 480px, (min-width: 481px) and (max-width: 980px) 980px, (min-width: 981px) and (max-width: 1280px) 1280px, (min-width: 1281px) 1886px, 100vw\" class=\"wp-image-369\" title=\"Empleado Sabanista 2\" \/><\/span><\/div><\/div><\/div><div class=\"et_pb_row_9 et_pb_row et_block_row\"><div class=\"et_pb_column_15 et_pb_column et_pb_column_1_2 et_block_column et_pb_css_mix_blend_mode_passthrough\"><div class=\"et_pb_text_7 et_pb_text et_pb_bg_layout_light et_pb_module et_block_module preset--module--divi-text--003e9429-8e11-4d9e-968b-8881092bbf81\"><div class=\"et_pb_text_inner\"><h2 style=\"text-align: center;\">Nuestros protagonistas<\/h2>\n<\/div><\/div><div class=\"et_pb_text_8 et_pb_text et_pb_bg_layout_light et_pb_module et_block_module preset--module--divi-text--82a1bf89-55c7-4547-a2a7-9e69b81b65dd\"><div class=\"et_pb_text_inner\"><p style=\"text-align: center;\"><span>Aqu\u00ed, no solo nos preocupamos por tu bienestar, \u00a1lo celebramos! Desde eventos internos que elevan la energ\u00eda hasta actividades que fomentan la conexi\u00f3n entre nosotros, en Sabana Plaza vivimos momentos que trascienden el d\u00eda a d\u00eda.<\/span><\/p>\n<\/div><\/div><div class=\"et_pb_gallery_0 et_pb_gallery et_pb_bg_layout_light et_pb_slider et_pb_gallery_fullwidth clearfix et_pb_module\" data-auto-rotate=\"off\" data-auto-rotate-speed=\"\"><div class=\"et_pb_gallery_items et_post_gallery clearfix\" data-per_page=\"4\"><div class=\"et_pb_gallery_item et_pb_gallery_item_0_0\"><div class=\"et_pb_gallery_image landscape\" data-per_page=\"4\"><a href=\"https:\/\/sabanaplaza.com.co\/wp-content\/uploads\/2024\/01\/Empleados4.png\" title=\"Empleados4\"><img decoding=\"async\" width=\"1200\" height=\"1005\" src=\"https:\/\/sabanaplaza.com.co\/wp-content\/uploads\/2024\/01\/Empleados4.png\" alt=\"\" class=\"wp-image-381\" srcset=\"https:\/\/sabanaplaza.com.co\/wp-content\/uploads\/2024\/01\/Empleados4.png 1200w, https:\/\/sabanaplaza.com.co\/wp-content\/uploads\/2024\/01\/Empleados4-980x821.png 980w, https:\/\/sabanaplaza.com.co\/wp-content\/uploads\/2024\/01\/Empleados4-480x402.png 480w\" sizes=\"(min-width: 0px) and (max-width: 480px) 480px, (min-width: 481px) and (max-width: 980px) 980px, (min-width: 981px) 1200px, 100vw\" \/><span class=\"et_overlay\" data-icon=\"\" data-icon-tablet=\"\" data-icon-phone=\"\"><\/span><\/a><\/div><\/div><div class=\"et_pb_gallery_item et_pb_gallery_item_0_1\"><div class=\"et_pb_gallery_image landscape\" data-per_page=\"4\"><a href=\"https:\/\/sabanaplaza.com.co\/wp-content\/uploads\/2024\/01\/Empleados3.png\" title=\"Empleados3\"><img decoding=\"async\" width=\"1200\" height=\"1005\" src=\"https:\/\/sabanaplaza.com.co\/wp-content\/uploads\/2024\/01\/Empleados3.png\" alt=\"\" class=\"wp-image-380\" srcset=\"https:\/\/sabanaplaza.com.co\/wp-content\/uploads\/2024\/01\/Empleados3.png 1200w, https:\/\/sabanaplaza.com.co\/wp-content\/uploads\/2024\/01\/Empleados3-980x821.png 980w, https:\/\/sabanaplaza.com.co\/wp-content\/uploads\/2024\/01\/Empleados3-480x402.png 480w\" sizes=\"(min-width: 0px) and (max-width: 480px) 480px, (min-width: 481px) and (max-width: 980px) 980px, (min-width: 981px) 1200px, 100vw\" \/><span class=\"et_overlay\" data-icon=\"\" data-icon-tablet=\"\" data-icon-phone=\"\"><\/span><\/a><\/div><\/div><div class=\"et_pb_gallery_item et_pb_gallery_item_0_2\"><div class=\"et_pb_gallery_image landscape\" data-per_page=\"4\"><a href=\"https:\/\/sabanaplaza.com.co\/wp-content\/uploads\/2024\/01\/Empleados2.png\" title=\"Empleados2\"><img decoding=\"async\" width=\"1200\" height=\"1005\" src=\"https:\/\/sabanaplaza.com.co\/wp-content\/uploads\/2024\/01\/Empleados2.png\" alt=\"\" class=\"wp-image-379\" srcset=\"https:\/\/sabanaplaza.com.co\/wp-content\/uploads\/2024\/01\/Empleados2.png 1200w, https:\/\/sabanaplaza.com.co\/wp-content\/uploads\/2024\/01\/Empleados2-980x821.png 980w, https:\/\/sabanaplaza.com.co\/wp-content\/uploads\/2024\/01\/Empleados2-480x402.png 480w\" sizes=\"(min-width: 0px) and (max-width: 480px) 480px, (min-width: 481px) and (max-width: 980px) 980px, (min-width: 981px) 1200px, 100vw\" \/><span class=\"et_overlay\" data-icon=\"\" data-icon-tablet=\"\" data-icon-phone=\"\"><\/span><\/a><\/div><\/div><div class=\"et_pb_gallery_item et_pb_gallery_item_0_3\"><div class=\"et_pb_gallery_image landscape\" data-per_page=\"4\"><a href=\"https:\/\/sabanaplaza.com.co\/wp-content\/uploads\/2024\/01\/Empleados1.png\" title=\"Empleados1\"><img decoding=\"async\" width=\"1200\" height=\"1005\" src=\"https:\/\/sabanaplaza.com.co\/wp-content\/uploads\/2024\/01\/Empleados1.png\" alt=\"\" class=\"wp-image-378\" srcset=\"https:\/\/sabanaplaza.com.co\/wp-content\/uploads\/2024\/01\/Empleados1.png 1200w, https:\/\/sabanaplaza.com.co\/wp-content\/uploads\/2024\/01\/Empleados1-980x821.png 980w, https:\/\/sabanaplaza.com.co\/wp-content\/uploads\/2024\/01\/Empleados1-480x402.png 480w\" sizes=\"(min-width: 0px) and (max-width: 480px) 480px, (min-width: 481px) and (max-width: 980px) 980px, (min-width: 981px) 1200px, 100vw\" \/><span class=\"et_overlay\" data-icon=\"\" data-icon-tablet=\"\" data-icon-phone=\"\"><\/span><\/a><\/div><\/div><\/div><\/div><\/div><div class=\"et_pb_column_16 et_pb_column et_pb_column_1_2 et-last-child et_block_column et_pb_css_mix_blend_mode_passthrough\"><div class=\"et_pb_image_7 et_pb_image et_pb_module et_block_module\"><span class=\"et_pb_image_wrap\"><img decoding=\"async\" src=\"https:\/\/sabanaplaza.com.co\/wp-content\/uploads\/2026\/01\/Mesa-de-trabajo-5-scaled.webp\" width=\"1886\" height=\"2560\" srcset=\"https:\/\/sabanaplaza.com.co\/wp-content\/uploads\/2026\/01\/Mesa-de-trabajo-5-scaled.webp 1886w, https:\/\/sabanaplaza.com.co\/wp-content\/uploads\/2026\/01\/Mesa-de-trabajo-5-1280x1737.webp 1280w, https:\/\/sabanaplaza.com.co\/wp-content\/uploads\/2026\/01\/Mesa-de-trabajo-5-980x1330.webp 980w, https:\/\/sabanaplaza.com.co\/wp-content\/uploads\/2026\/01\/Mesa-de-trabajo-5-480x652.webp 480w\" sizes=\"(min-width: 0px) and (max-width: 480px) 480px, (min-width: 481px) and (max-width: 980px) 980px, (min-width: 981px) and (max-width: 1280px) 1280px, (min-width: 1281px) 1886px, 100vw\" class=\"wp-image-2189\" title=\"Mesa de trabajo 5\" \/><\/span><\/div><\/div><\/div><div class=\"et_pb_row_10 et_pb_row et_pb_equal_columns et_pb_gutters1 et_block_row et_pb_row_fullwidth\"><div class=\"et_pb_column_17 et_pb_column et_pb_column_1_2 et_block_column et_pb_css_mix_blend_mode_passthrough\"><div class=\"et_pb_text_9 et_pb_text et_pb_bg_layout_dark et_pb_module et_block_module\"><div class=\"et_pb_text_inner\"><h5>Sabana es mi lugar \u00eddeal<\/h5>\n<h2><span>Nuestra Mejor Colecci\u00f3n: El Equipo<\/span><\/h2>\n<p>\" <span>Soy Cristina, parte del equipo de los servicios generales de Sabana Plaza. Trabajar aqu\u00ed es m\u00e1s que limpiar; es ser parte de una familia que se esfuerza por hacer de este lugar un hogar para todos. La gratitud de los clientes y la camarader\u00eda con mis compa\u00f1eros hacen que cada d\u00eda sea especial.<\/span>\"<\/p>\n<\/div><\/div><div class=\"et_pb_text_10 et_pb_text et_pb_bg_layout_dark et_pb_module et_block_module et_pb_text_align_right\"><div class=\"et_pb_text_inner\"><p>- Cristina Lee<\/p>\n<\/div><\/div><\/div><div class=\"et_pb_column_18 et_pb_column et_pb_column_1_2 et-last-child et_block_column et_pb_css_mix_blend_mode_passthrough\"><div class=\"et_pb_divider_1 et_pb_divider et_pb_space et_pb_divider_position_top et_pb_module\"><div class=\"et_pb_divider_internal\"><\/div><\/div><\/div><\/div><\/div><div class=\"et_pb_section_6 et_pb_section et_section_regular et_block_section\"><div class=\"et_pb_row_11 et_pb_row et_pb_equal_columns et_block_row\"><div class=\"et_pb_column_19 et_pb_column et_pb_column_2_3 et_block_column et_pb_css_mix_blend_mode_passthrough\"><div class=\"et_pb_text_11 et_pb_text et_pb_bg_layout_light et_pb_module et_block_module preset--module--divi-text--aaa7c440-590a-4078-ae0c-0f3c699ac51c\"><div class=\"et_pb_text_inner\"><h3><span>Diversidad, calidad y comunidad en un solo lugar. \u00a1Ven y vive la experiencia \u00fanica de compras!<\/span><\/h3>\n<\/div><\/div><div class=\"et_pb_code_0 et_pb_code et_pb_module\"><div class=\"et_pb_code_inner\"><iframe src=\"https:\/\/www.google.com\/maps\/embed?pb=!1m18!1m12!1m3!1d3976.9302461220323!2d-74.08788852628061!3d4.606510442469515!2m3!1f0!2f0!3f0!3m2!1i1024!2i768!4f13.1!3m3!1m2!1s0x8e3f9973374631a1%3A0x900835142969734!2sCentro%20Comercial%20Sabana%20Plaza!5e0!3m2!1ses-419!2sco!4v1705634715195!5m2!1ses-419!2sco\" width=\"600\" height=\"450\" style=\"border:0;\" allowfullscreen=\"\" loading=\"lazy\" referrerpolicy=\"no-referrer-when-downgrade\"><\/iframe><\/div><\/div><\/div><div class=\"et_pb_column_20 et_pb_column et_pb_column_1_3 et-last-child et_block_column et_pb_css_mix_blend_mode_passthrough\"><span class=\"et_pb_background_mask\"><\/span><div class=\"et_pb_text_12 et_pb_text et_pb_bg_layout_light et_pb_module et_block_module preset--module--divi-text--4827deed-2a92-4d97-a22f-f01067ae6873\"><div class=\"et_pb_text_inner\"><h2><strong><span style=\"color: #000000;\">Enlaces:<\/span><\/strong><\/h2>\n<\/div><\/div><div class=\"et_pb_text_13 et_pb_text et_pb_bg_layout_light et_pb_module et_block_module preset--module--divi-text--1f09816e-184e-4ce5-a4cf-b39c52c423ca\"><div class=\"et_pb_text_inner\"><p><span style=\"color: #000000;\"><strong>- Contacto<\/strong><\/span><br \/><span style=\"color: #000000;\"><strong>- Marcas<\/strong><\/span><br \/><span style=\"color: #000000;\"><strong>- Sabanistas<\/strong><\/span><br \/><span style=\"color: #000000;\"><strong>- Pol\u00edtica de privacidad de datos<br \/>- PQR<\/strong><\/span><\/p>\n<\/div><\/div><ul class=\"et_pb_social_media_follow_0 et_pb_social_media_follow clearfix et_pb_bg_layout_light et_pb_module et_block_module\"><li class=\"et_pb_social_media_follow_network_0 et_pb_social_media_follow_network et_pb_social_icon et_pb_social_network_link et-social-facebook et_pb_module et_flex_module\"><a href=\"https:\/\/www.facebook.com\/ccsabanaplaza\" class=\"icon\" target=\"_self\" title=\"Follow on Facebook\" rel=\"noopener\"><span class=\"et_pb_social_media_follow_network_name\">Follow<\/span><\/a><\/li><li class=\"et_pb_social_media_follow_network_1 et_pb_social_media_follow_network et_pb_social_icon et_pb_social_network_link et-social-twitter et_pb_module et_flex_module\"><a href=\"https:\/\/twitter.com\/Sabanaplazacc\" class=\"icon\" target=\"_self\" title=\"Follow on Twitter\" rel=\"noopener\"><span class=\"et_pb_social_media_follow_network_name\">Follow<\/span><\/a><\/li><li class=\"et_pb_social_media_follow_network_2 et_pb_social_media_follow_network et_pb_social_icon et_pb_social_network_link et-social-instagram et_pb_module et_flex_module\"><a href=\"https:\/\/www.instagram.com\/ccsabanaplaza\/\" class=\"icon\" target=\"_self\" title=\"Follow on Instagram\" rel=\"noopener\"><span class=\"et_pb_social_media_follow_network_name\">Follow<\/span><\/a><\/li><li class=\"et_pb_social_media_follow_network_3 et_pb_social_media_follow_network et_pb_social_icon et_pb_social_network_link et-pb-social-fa-icon et-social-tiktok et_pb_module et_flex_module\"><a href=\"https:\/\/www.tiktok.com\/@ccsabanaplaza\" class=\"icon\" target=\"_self\" title=\"Follow on Tiktok\" rel=\"noopener\"><span class=\"et_pb_social_media_follow_network_name\">Follow<\/span><\/a><\/li><\/ul><div class=\"et_pb_module et_pb_button_module_wrapper et_pb_button_0_wrapper\"><a class=\"et_pb_button_0 et_pb_button et_pb_bg_layout_dark et_animated et_pb_module et_block_module\" href=\"#top\">Pagar Administraci\u00f3n<\/a><\/div><div class=\"et_pb_image_8 et_pb_image et_pb_module et_block_module\"><span class=\"et_pb_image_wrap\"><img decoding=\"async\" src=\"https:\/\/sabanaplaza.com.co\/wp-content\/uploads\/2024\/01\/Logo-Negativo.png\" width=\"1024\" height=\"1024\" srcset=\"https:\/\/sabanaplaza.com.co\/wp-content\/uploads\/2024\/01\/Logo-Negativo.png 1024w, https:\/\/sabanaplaza.com.co\/wp-content\/uploads\/2024\/01\/Logo-Negativo-980x980.png 980w, https:\/\/sabanaplaza.com.co\/wp-content\/uploads\/2024\/01\/Logo-Negativo-480x480.png 480w\" sizes=\"(min-width: 0px) and (max-width: 480px) 480px, (min-width: 481px) and (max-width: 980px) 980px, (min-width: 981px) 1024px, 100vw\" class=\"wp-image-206\" title=\"Logo-Negativo\" \/><\/span><\/div><\/div><\/div><\/div>","protected":false},"excerpt":{"rendered":"","protected":false},"author":1,"featured_media":0,"parent":0,"menu_order":0,"comment_status":"closed","ping_status":"closed","template":"","meta":{"footnotes":""},"class_list":["post-362","page","type-page","status-publish","hentry"],"yoast_head":"<!-- This site is optimized with the Yoast SEO Premium plugin v22.8 (Yoast SEO v27.0) - https:\/\/yoast.com\/product\/yoast-seo-premium-wordpress\/ -->\n<title>Sabanistas - Sabana Plaza<\/title>\n<meta name=\"description\" content=\"Cada uno de nosotros es parte de una gran familia comprometida con tu bienestar.\" \/>\n<meta name=\"robots\" content=\"index, follow, max-snippet:-1, max-image-preview:large, max-video-preview:-1\" \/>\n<link rel=\"canonical\" href=\"https:\/\/sabanaplaza.com.co\/index.php\/sabanistas\/\" \/>\n<meta property=\"og:locale\" content=\"en_US\" \/>\n<meta property=\"og:type\" content=\"article\" \/>\n<meta property=\"og:title\" content=\"Sabanistas\" \/>\n<meta property=\"og:description\" content=\"Cada uno de nosotros es parte de una gran familia comprometida con tu bienestar.\" \/>\n<meta property=\"og:url\" content=\"https:\/\/sabanaplaza.com.co\/index.php\/sabanistas\/\" \/>\n<meta property=\"og:site_name\" content=\"Sabana Plaza\" \/>\n<meta property=\"article:modified_time\" content=\"2026-02-25T15:18:14+00:00\" \/>\n<meta name=\"twitter:card\" content=\"summary_large_image\" \/>\n<meta name=\"twitter:label1\" content=\"Est. reading time\" \/>\n\t<meta name=\"twitter:data1\" content=\"4 minutes\" \/>\n<script type=\"application\/ld+json\" class=\"yoast-schema-graph\">{\"@context\":\"https:\/\/schema.org\",\"@graph\":[{\"@type\":\"WebPage\",\"@id\":\"https:\/\/sabanaplaza.com.co\/index.php\/sabanistas\/\",\"url\":\"https:\/\/sabanaplaza.com.co\/index.php\/sabanistas\/\",\"name\":\"Sabanistas - Sabana Plaza\",\"isPartOf\":{\"@id\":\"https:\/\/sabanaplaza.com.co\/#website\"},\"datePublished\":\"2024-01-22T13:03:22+00:00\",\"dateModified\":\"2026-02-25T15:18:14+00:00\",\"description\":\"Cada uno de nosotros es parte de una gran familia comprometida con tu bienestar.\",\"breadcrumb\":{\"@id\":\"https:\/\/sabanaplaza.com.co\/index.php\/sabanistas\/#breadcrumb\"},\"inLanguage\":\"en-US\",\"potentialAction\":[{\"@type\":\"ReadAction\",\"target\":[\"https:\/\/sabanaplaza.com.co\/index.php\/sabanistas\/\"]}]},{\"@type\":\"BreadcrumbList\",\"@id\":\"https:\/\/sabanaplaza.com.co\/index.php\/sabanistas\/#breadcrumb\",\"itemListElement\":[{\"@type\":\"ListItem\",\"position\":1,\"name\":\"Portada\",\"item\":\"https:\/\/sabanaplaza.com.co\/\"},{\"@type\":\"ListItem\",\"position\":2,\"name\":\"Sabanistas\"}]},{\"@type\":\"WebSite\",\"@id\":\"https:\/\/sabanaplaza.com.co\/#website\",\"url\":\"https:\/\/sabanaplaza.com.co\/\",\"name\":\"Sabana Plaza\",\"description\":\"Centro Comercial \",\"potentialAction\":[{\"@type\":\"SearchAction\",\"target\":{\"@type\":\"EntryPoint\",\"urlTemplate\":\"https:\/\/sabanaplaza.com.co\/?s={search_term_string}\"},\"query-input\":{\"@type\":\"PropertyValueSpecification\",\"valueRequired\":true,\"valueName\":\"search_term_string\"}}],\"inLanguage\":\"en-US\"}]}<\/script>\n<!-- \/ Yoast SEO Premium plugin. -->","yoast_head_json":{"title":"Sabanistas - Sabana Plaza","description":"Cada uno de nosotros es parte de una gran familia comprometida con tu bienestar.","robots":{"index":"index","follow":"follow","max-snippet":"max-snippet:-1","max-image-preview":"max-image-preview:large","max-video-preview":"max-video-preview:-1"},"canonical":"https:\/\/sabanaplaza.com.co\/index.php\/sabanistas\/","og_locale":"en_US","og_type":"article","og_title":"Sabanistas","og_description":"Cada uno de nosotros es parte de una gran familia comprometida con tu bienestar.","og_url":"https:\/\/sabanaplaza.com.co\/index.php\/sabanistas\/","og_site_name":"Sabana Plaza","article_modified_time":"2026-02-25T15:18:14+00:00","twitter_card":"summary_large_image","twitter_misc":{"Est. reading time":"4 minutes"},"schema":{"@context":"https:\/\/schema.org","@graph":[{"@type":"WebPage","@id":"https:\/\/sabanaplaza.com.co\/index.php\/sabanistas\/","url":"https:\/\/sabanaplaza.com.co\/index.php\/sabanistas\/","name":"Sabanistas - Sabana Plaza","isPartOf":{"@id":"https:\/\/sabanaplaza.com.co\/#website"},"datePublished":"2024-01-22T13:03:22+00:00","dateModified":"2026-02-25T15:18:14+00:00","description":"Cada uno de nosotros es parte de una gran familia comprometida con tu bienestar.","breadcrumb":{"@id":"https:\/\/sabanaplaza.com.co\/index.php\/sabanistas\/#breadcrumb"},"inLanguage":"en-US","potentialAction":[{"@type":"ReadAction","target":["https:\/\/sabanaplaza.com.co\/index.php\/sabanistas\/"]}]},{"@type":"BreadcrumbList","@id":"https:\/\/sabanaplaza.com.co\/index.php\/sabanistas\/#breadcrumb","itemListElement":[{"@type":"ListItem","position":1,"name":"Portada","item":"https:\/\/sabanaplaza.com.co\/"},{"@type":"ListItem","position":2,"name":"Sabanistas"}]},{"@type":"WebSite","@id":"https:\/\/sabanaplaza.com.co\/#website","url":"https:\/\/sabanaplaza.com.co\/","name":"Sabana Plaza","description":"Centro Comercial ","potentialAction":[{"@type":"SearchAction","target":{"@type":"EntryPoint","urlTemplate":"https:\/\/sabanaplaza.com.co\/?s={search_term_string}"},"query-input":{"@type":"PropertyValueSpecification","valueRequired":true,"valueName":"search_term_string"}}],"inLanguage":"en-US"}]}},"_links":{"self":[{"href":"https:\/\/sabanaplaza.com.co\/index.php\/wp-json\/wp\/v2\/pages\/362","targetHints":{"allow":["GET"]}}],"collection":[{"href":"https:\/\/sabanaplaza.com.co\/index.php\/wp-json\/wp\/v2\/pages"}],"about":[{"href":"https:\/\/sabanaplaza.com.co\/index.php\/wp-json\/wp\/v2\/types\/page"}],"author":[{"embeddable":true,"href":"https:\/\/sabanaplaza.com.co\/index.php\/wp-json\/wp\/v2\/users\/1"}],"replies":[{"embeddable":true,"href":"https:\/\/sabanaplaza.com.co\/index.php\/wp-json\/wp\/v2\/comments?post=362"}],"version-history":[{"count":37,"href":"https:\/\/sabanaplaza.com.co\/index.php\/wp-json\/wp\/v2\/pages\/362\/revisions"}],"predecessor-version":[{"id":2258,"href":"https:\/\/sabanaplaza.com.co\/index.php\/wp-json\/wp\/v2\/pages\/362\/revisions\/2258"}],"wp:attachment":[{"href":"https:\/\/sabanaplaza.com.co\/index.php\/wp-json\/wp\/v2\/media?parent=362"}],"curies":[{"name":"wp","href":"https:\/\/api.w.org\/{rel}","templated":true}]}}